{"id":952,"date":"2023-10-13T15:31:53","date_gmt":"2023-10-13T15:31:53","guid":{"rendered":"https:\/\/biennale.aeeps.org\/?page_id=952"},"modified":"2023-10-17T16:23:13","modified_gmt":"2023-10-17T16:23:13","slug":"dimanche-22-octobre-2023","status":"publish","type":"page","link":"https:\/\/biennale.aeeps.org\/index.php\/dimanche-22-octobre-2023\/","title":{"rendered":"DIMANCHE 22 OCTOBRE 2023"},"content":{"rendered":"<section class=\"wpb-content-wrapper\"><p>[vc_row][vc_column][vc_column_text]<\/p>\n<p><strong>Session de communications n\u00b02 Bis \u2013 9h15 \u2013 9h55<\/strong><\/p>\n\n\n<figure class=\"wp-block-table\">\n<table>\n<tbody>\n<tr>\n<td>Axe 1<\/td>\n<td>Axe 2<\/td>\n<td>Axe 3<\/td>\n<td>Axe 4<\/td>\n<td>Axe 3<\/td>\n<td>Axe 3<\/td>\n<td>Axe 2<\/td>\n<\/tr>\n<tr>\n<td>Madelain- Dehanschoew ercker- Verdier<\/td>\n<td>Stadler- Forgues<\/td>\n<td>BeulaignePrehaut<\/td>\n<td>Foessel<\/td>\n<td>Desfachelles<\/td>\n<td>Metzler<\/td>\n<td>Visioli-\u00a0 Quidu<\/td>\n<\/tr>\n<tr>\n<td>Les PME Aquatiques, des techniques oubli\u00e9es pour se sauver avant de porter assistance.<\/td>\n<td>Demi-Fond \u00ab BATTLE ROYALE \u00bb Audel\u00e0 de la VMA et du chrono solo.<\/td>\n<td>LE TRAJET : une trace \u00e0 suivre pour exp\u00e9rimenter le \u00ab corps sensible \u00bb.<\/td>\n<td>La course aux tickets : une forme de pratique scolaire vectrice d\u2019une exp\u00e9rience corporelle signifiante et coop\u00e9r@ctive en tennis de table.<\/td>\n<td>\u00ab In the zone ! \u00bb : un continuum d\u2019exp\u00e9riences corporelles au service d\u2019un enrichissement des conduites motrices en basket-ball.<\/td>\n<td>D\u00e9finir le fonds culturel et les objets d\u2019enseignement pour ne pas \u00ab bloquer \u00bb la possibilit\u00e9 pour l\u2019\u00e9l\u00e8ve de vivre une exp\u00e9rience corporelle singuli\u00e8re, de progresser et d\u2019acqu\u00e9rir une culture.<\/td>\n<td>Vers des exp\u00e9riences de r\u00e9sonance : l\u2019exemple des \u00e9l\u00e8ves de REP en handball.<\/td>\n<\/tr>\n<tr>\n<td>Voir r\u00e9sum\u00e9 n\u00b08 page 23<\/td>\n<td>Voir r\u00e9sum\u00e9 n\u00b012 page 28<\/td>\n<td>Voir r\u00e9sum\u00e9 n\u00b018 page 35<\/td>\n<td>Voir r\u00e9sum\u00e9 n\u00b033 page 52<\/td>\n<td>Voir r\u00e9sum\u00e9 n\u00b025 page 42<\/td>\n<td>Voir r\u00e9sum\u00e9 n\u00b022 page 39<\/td>\n<td>Voir r\u00e9sum\u00e9 n\u00b013 page 29<\/td>\n<\/tr>\n<tr>\n<td>Salle HEBERT<\/td>\n<td>Salle KNAPP<\/td>\n<td>Salle AMOROS<\/td>\n<td>Salle BACQUET<\/td>\n<td>Salle COUBERTIN<\/td>\n<td>Salle\u00a0 DEMENY<\/td>\n<td>Salle ELIAS<\/td>\n<\/tr>\n<\/tbody>\n<\/table>\n<\/figure>\n\n<p><strong>Session de communications n\u00b03 Bis \u2013 10h00 \u2013 10h40<\/strong><\/p>\n\n\n<figure class=\"wp-block-table\">\n<table>\n<tbody>\n<tr>\n<td>Axe 3<\/td>\n<td>Axe 1<\/td>\n<td>Axe 2<\/td>\n<td>Axe 3<\/td>\n<td>Axe 4<\/td>\n<td>Axe 3<\/td>\n<td>Axe 3<\/td>\n<td>Axe 2<\/td>\n<\/tr>\n<tr>\n<td>Terre- Ade<\/td>\n<td>Albertini- Potdevin<\/td>\n<td>Testud<\/td>\n<td>De Visscher- Strosberg<\/td>\n<td>Bernard- Mars-Peyre<\/td>\n<td>Auger- Pellegrin<\/td>\n<td>DesplanquesLe Roy<\/td>\n<td>Feigean<\/td>\n<\/tr>\n<tr>\n<td>Penser les contenus en termes d\u2019exp\u00e9riences \u00e0 encourager.<\/td>\n<td>Savoir nager au-del\u00e0 de l\u2019ASNS, Une exp\u00e9rience corporelle porteuse d\u2019enjeux \u00e9ducatifs forts.<\/td>\n<td>Des indicateurs de comp\u00e9tence pour tisser des liens entre les exp\u00e9riences des \u00e9l\u00e8ves. Le joueur et l\u2019observateur en DEMIFOND.<\/td>\n<td>Judo de mouvement, ippon total : faire l\u2019exp\u00e9rience d\u2019un \u00ab combat \u00e0 sensations \u00bb.<\/td>\n<td>L\u2019\u00e9valuation par indicateur de comp\u00e9tence au service de l\u2019apprentissage : une d\u00e9marche pour apprendre \u00e0 reconna\u00eetre, int\u00e9grer et exploiter des exp\u00e9riences corporelles authentiques. Illustration en Badminton.<\/td>\n<td>Les exp\u00e9riences corporelles en volley-ball : compl\u00e9mentari t\u00e9 ou contradiction avec les autres sports collectifs ?<\/td>\n<td>Les \u00ab matchsrace \u00bb : entre exp\u00e9riences corporelles vari\u00e9es et progr\u00e8s moteurs cibl\u00e9s en combin\u00e9 athl\u00e9tique.<\/td>\n<td>Vivre des exp\u00e9riences d\u2019inconforts pour d\u00e9couvrir certaines dimensions de son activit\u00e9 corporelle : un enjeu du CA 5, illustration en STEP.<\/td>\n<\/tr>\n<tr>\n<td>Voir r\u00e9sum\u00e9 n\u00b023 page 40<\/td>\n<td>Voir r\u00e9sum\u00e9 n\u00b06 page 21<\/td>\n<td>Voir r\u00e9sum\u00e9 n\u00b014 page 30<\/td>\n<td>Voir r\u00e9sum\u00e9 n\u00b024 page 41<\/td>\n<td>Voir r\u00e9sum\u00e9 n\u00b036 page 55<\/td>\n<td>Voir r\u00e9sum\u00e9 n\u00b031 page 48<\/td>\n<td>Voir r\u00e9sum\u00e9 n\u00b026 page 43<\/td>\n<td>Voir r\u00e9sum\u00e9 n\u00b015 page 31<\/td>\n<\/tr>\n<tr>\n<td>Salle PAGANEL<\/td>\n<td>Salle HEBERT<\/td>\n<td>Salle KNAPP<\/td>\n<td>Salle AMOROS<\/td>\n<td>Salle\u00a0 BACQUET<\/td>\n<td>Salle COUBERTIN<\/td>\n<td>Salle DEMENY<\/td>\n<td>Salle ELIAS<\/td>\n<\/tr>\n<\/tbody>\n<\/table>\n<\/figure>\n\n<p><strong>Atelier de pratique n\u00b04 \u2013 9h15 \u2013 10h40<\/strong><\/p>\n\n\n<figure class=\"wp-block-table\">\n<table>\n<tbody>\n<tr>\n<td>APSA Tennis de Table<\/td>\n<td>APSA Step<\/td>\n<\/tr>\n<tr>\n<td>Donce<\/td>\n<td>Piau<\/td>\n<\/tr>\n<tr>\n<td>A TABLE !!! Parcours de formation et exp\u00e9rience corporelle en Tennis de Table ; proposition du groupe TT du CEDREPS.<\/td>\n<td>Le \u00ab jeu des ressentis \u00bb en Step : pour un curriculum de modes de pratiques qui se pr\u00e9occupe de l\u2019exp\u00e9rience corporelle des \u00e9l\u00e8ves.<\/td>\n<\/tr>\n<tr>\n<td>Voir r\u00e9sum\u00e9 Atelier n\u00b03 page 60<\/td>\n<td>Voir r\u00e9sum\u00e9 Atelier n\u00b04 page 61<\/td>\n<\/tr>\n<tr>\n<td>Salle TT C7<\/td>\n<td>Salle Bleue C7<\/td>\n<\/tr>\n<\/tbody>\n<\/table>\n<\/figure>\n\n<p><strong>Session de communications n\u00b04 Bis \u2013 11h05 \u2013 11h45<\/strong><\/p>\n\n\n<figure class=\"wp-block-table\">\n<table>\n<tbody>\n<tr>\n<td>Axe 1<\/td>\n<td>Axe 2<\/td>\n<td>Axe 3<\/td>\n<td>Axe 4<\/td>\n<td>Axe 3<\/td>\n<td>Axe 3<\/td>\n<td>Axe 1<\/td>\n<\/tr>\n<tr>\n<td>Van De Kherkhove- Racinais<\/td>\n<td>Cizeron- Gani\u00e8re<\/td>\n<td>Lefevre-\u00a0 Piot<\/td>\n<td>Pich- Boizumault<\/td>\n<td>HanulaMayekoDauphas<\/td>\n<td>Fayaubost<\/td>\n<td>Kuehn- Depondt<\/td>\n<\/tr>\n<tr>\n<td>Pour une exp\u00e9rience totale en musculation : entre introspection et coop\u00e9ration.<\/td>\n<td>Interpr\u00e9ter les conduites motrices comme des \u00ab formes \u00bb.<\/td>\n<td>\u00ab Retour \u00e0 l\u2019envoyeur \u00bb : l\u2019ancrage corporel d\u2019une FPS autour d\u2019un savoir perceptivo- d\u00e9cisionnel en sports de raquette.<\/td>\n<td>Utiliser des donn\u00e9es exp\u00e9rientielles issues des \u00e9l\u00e8ves pour comprendre, accompagner et transformer leur activit\u00e9 en EPS : des outils au service des \u00e9l\u00e8ves et de leurs enseignants.<\/td>\n<td>Aller plus loin pour performer : une exp\u00e9rience corporelle authentique en combin\u00e9 athl\u00e9tique.<\/td>\n<td>Savoir nager. Apprendre des exp\u00e9riences corporelles n\u00e9gatives, \u00e9l\u00e9ments d\u2019analyse et pistes de transformation : l\u2019exp\u00e9rimentation PHOBIES 360.<\/td>\n<td>Les enjeux de l\u2019\u00e9cole primaire dans les exp\u00e9riences corporelles. A la crois\u00e9e du terrain, de la pratique associative et de la formation.<\/td>\n<\/tr>\n<tr>\n<td>Voir r\u00e9sum\u00e9 n\u00b01 page 16<\/td>\n<td>Voir r\u00e9sum\u00e9 n\u00b016 page 32<\/td>\n<td>Voir r\u00e9sum\u00e9 n\u00b020 page 37<\/td>\n<td>Voir r\u00e9sum\u00e9 n\u00b034 page 53<\/td>\n<td>Voir r\u00e9sum\u00e9 n\u00b021 page 38<\/td>\n<td>Voir r\u00e9sum\u00e9 n\u00b029 page 46<\/td>\n<td>Voir r\u00e9sum\u00e9 n\u00b010 page 25<\/td>\n<\/tr>\n<tr>\n<td>Salle HEBERT<\/td>\n<td>Salle KNAPP<\/td>\n<td>Salle AMOROS<\/td>\n<td>Salle BACQUET<\/td>\n<td>Salle COUBERTIN<\/td>\n<td>Salle DEMENY<\/td>\n<td>Salle ELIAS<\/td>\n<\/tr>\n<\/tbody>\n<\/table>\n<\/figure>\n\n<p><strong>Session de communications n\u00b05 Bis \u2013 11h50 \u2013 12h30<\/strong><\/p>\n\n\n<figure class=\"wp-block-table\">\n<table>\n<tbody>\n<tr>\n<td>Axe 1<\/td>\n<td>Axe 1<\/td>\n<td>Axe 1<\/td>\n<td>Axe 4<\/td>\n<td>Axe 1<\/td>\n<td>Axe 3<\/td>\n<td>Axe 3<\/td>\n<\/tr>\n<tr>\n<td>Delattre- Morizur<\/td>\n<td>Belhouchat et Guino<\/td>\n<td>Gaudoux<\/td>\n<td>Ferrier- Madelain<\/td>\n<td>Lacoste<\/td>\n<td>Papot- Rauche<\/td>\n<td>Simon Malleret- Peres<\/td>\n<\/tr>\n<tr>\n<td>Constituer des exp\u00e9riences corporelles pour se former au m\u00e9tier de professeur d\u2019EPS. Une d\u00e9marche d\u2019\u00e9pist\u00e9mologie pratique dans les formations initiales des \u00e9tudiant(e)s en MASTER MEEF EPS.<\/td>\n<td>Majorer les exp\u00e9riences corporelles pour laisser des traces d\u2019EPS positives.<\/td>\n<td>Le 421 : une forme de pratique pour une exp\u00e9rience motrice coop\u00e9rative construite et partag\u00e9e en CA4.<\/td>\n<td>L\u2019\u00e9valuation de la mobilit\u00e9 articulaire de l\u2019\u00e9l\u00e8ve en EPS comme condition d\u2019acc\u00e8s \u00e0 de nouvelles exp\u00e9riences corporelles en musculation fonctionnelle.<\/td>\n<td>Provoquer une \u00e9motion, des indicateurs de comp\u00e9tence pour interpr\u00e9ter et transformer l\u2019activit\u00e9 de l\u2019\u00e9l\u00e8ve en danse.<\/td>\n<td>Probl\u00e9matiser la mont\u00e9e de balle avec des \u00e9l\u00e8ves de LP. Une exp\u00e9rience corporelle collective en handball.<\/td>\n<td>La peur dans l\u2019enseignement de l\u2019escalade : Probl\u00e8me p\u00e9dagogique ou exp\u00e9rience \u00e0 faire vivre ?<\/td>\n<\/tr>\n<tr>\n<td>Voir r\u00e9sum\u00e9 n\u00b03 page 18<\/td>\n<td>Voir r\u00e9sum\u00e9 n\u00b09 page 24<\/td>\n<td>Voir r\u00e9sum\u00e9 n\u00b07 page 22<\/td>\n<td>Voir r\u00e9sum\u00e9 n\u00b035 page 54<\/td>\n<td>Voir r\u00e9sum\u00e9 n\u00b05 page 20<\/td>\n<td>Voir r\u00e9sum\u00e9 n\u00b030 page 47<\/td>\n<td>Voir r\u00e9sum\u00e9 n\u00b027 page 44<\/td>\n<\/tr>\n<tr>\n<td>Salle HEBERT<\/td>\n<td>Salle KNAPP<\/td>\n<td>Salle AMOROS<\/td>\n<td>Salle BACQUET<\/td>\n<td>Salle COUBERTIN<\/td>\n<td>Salle DEMENY<\/td>\n<td>Salle ELIAS<\/td>\n<\/tr>\n<\/tbody>\n<\/table>\n<\/figure>\n\n<p><strong>Atelier de pratique n\u00b05 \u2013 11h05 \u2013 12h30<\/strong><\/p>\n\n\n<figure class=\"wp-block-table\">\n<table>\n<tbody>\n<tr>\n<td>APSA Escalade<\/td>\n<td>APSA Yoga<\/td>\n<\/tr>\n<tr>\n<td>Delarche<\/td>\n<td>Raymond<\/td>\n<\/tr>\n<tr>\n<td>Des espaces d\u2019actions encourag\u00e9es en escalade de bloc.<\/td>\n<td>YOGA : Quelle exp\u00e9rience corporelle et culturelle de yoga proposer aux \u00e9l\u00e8ves de lyc\u00e9e ?<\/td>\n<\/tr>\n<tr>\n<td>Voir r\u00e9sum\u00e9 Atelier n\u00b02 page 59<\/td>\n<td>Voir r\u00e9sum\u00e9 Atelier n\u00b05 page 62<\/td>\n<\/tr>\n<tr>\n<td>Salle B9<\/td>\n<td>Salle Gym C7<\/td>\n<\/tr>\n<\/tbody>\n<\/table>\n<\/figure>\n\n<p>&nbsp;<\/p>\n<p>[\/vc_column_text][\/vc_column][\/vc_row]<\/p>\n<\/section>","protected":false},"excerpt":{"rendered":"<p>[vc_row][vc_column][vc_column_text] Session de communications n\u00b02 Bis \u2013 9h15 \u2013 9h55 Axe 1 Axe 2 Axe 3 Axe 4 Axe 3 Axe 3 Axe 2 Madelain-&#8230;<\/p>\n","protected":false},"author":1,"featured_media":0,"parent":0,"menu_order":0,"comment_status":"closed","ping_status":"closed","template":"","meta":{"footnotes":""},"class_list":["post-952","page","type-page","status-publish","hentry"],"yoast_head":"<!-- This site is optimized with the Yoast SEO plugin v21.3 - https:\/\/yoast.com\/wordpress\/plugins\/seo\/ -->\n<title>DIMANCHE 22 OCTOBRE 2023 - BIENNALE AEEPS<\/title>\n<meta name=\"robots\" content=\"index, follow, max-snippet:-1, max-image-preview:large, max-video-preview:-1\" \/>\n<link rel=\"canonical\" href=\"https:\/\/biennale.aeeps.org\/index.php\/dimanche-22-octobre-2023\/\" \/>\n<meta property=\"og:locale\" content=\"fr_FR\" \/>\n<meta property=\"og:type\" content=\"article\" \/>\n<meta property=\"og:title\" content=\"DIMANCHE 22 OCTOBRE 2023 - BIENNALE AEEPS\" \/>\n<meta property=\"og:description\" content=\"[vc_row][vc_column][vc_column_text] Session de communications n\u00b02 Bis \u2013 9h15 \u2013 9h55 Axe 1 Axe 2 Axe 3 Axe 4 Axe 3 Axe 3 Axe 2 Madelain-...\" \/>\n<meta property=\"og:url\" content=\"https:\/\/biennale.aeeps.org\/index.php\/dimanche-22-octobre-2023\/\" \/>\n<meta property=\"og:site_name\" content=\"BIENNALE AEEPS\" \/>\n<meta property=\"article:publisher\" content=\"https:\/\/www.facebook.com\/profile.php?id=100064564634996\" \/>\n<meta property=\"article:modified_time\" content=\"2023-10-17T16:23:13+00:00\" \/>\n<meta name=\"twitter:card\" content=\"summary_large_image\" \/>\n<meta name=\"twitter:site\" content=\"@AEEPS\" \/>\n<meta name=\"twitter:label1\" content=\"Dur\u00e9e de lecture estim\u00e9e\" \/>\n\t<meta name=\"twitter:data1\" content=\"5 minutes\" \/>\n<script type=\"application\/ld+json\" class=\"yoast-schema-graph\">{\"@context\":\"https:\/\/schema.org\",\"@graph\":[{\"@type\":\"WebPage\",\"@id\":\"https:\/\/biennale.aeeps.org\/index.php\/dimanche-22-octobre-2023\/\",\"url\":\"https:\/\/biennale.aeeps.org\/index.php\/dimanche-22-octobre-2023\/\",\"name\":\"DIMANCHE 22 OCTOBRE 2023 - BIENNALE AEEPS\",\"isPartOf\":{\"@id\":\"https:\/\/biennale.aeeps.org\/#website\"},\"datePublished\":\"2023-10-13T15:31:53+00:00\",\"dateModified\":\"2023-10-17T16:23:13+00:00\",\"breadcrumb\":{\"@id\":\"https:\/\/biennale.aeeps.org\/index.php\/dimanche-22-octobre-2023\/#breadcrumb\"},\"inLanguage\":\"fr-FR\",\"potentialAction\":[{\"@type\":\"ReadAction\",\"target\":[\"https:\/\/biennale.aeeps.org\/index.php\/dimanche-22-octobre-2023\/\"]}]},{\"@type\":\"BreadcrumbList\",\"@id\":\"https:\/\/biennale.aeeps.org\/index.php\/dimanche-22-octobre-2023\/#breadcrumb\",\"itemListElement\":[{\"@type\":\"ListItem\",\"position\":1,\"name\":\"Accueil\",\"item\":\"https:\/\/biennale.aeeps.org\/\"},{\"@type\":\"ListItem\",\"position\":2,\"name\":\"DIMANCHE 22 OCTOBRE 2023\"}]},{\"@type\":\"WebSite\",\"@id\":\"https:\/\/biennale.aeeps.org\/#website\",\"url\":\"https:\/\/biennale.aeeps.org\/\",\"name\":\"BIENNALE AEEPS\",\"description\":\"2023\",\"publisher\":{\"@id\":\"https:\/\/biennale.aeeps.org\/#organization\"},\"potentialAction\":[{\"@type\":\"SearchAction\",\"target\":{\"@type\":\"EntryPoint\",\"urlTemplate\":\"https:\/\/biennale.aeeps.org\/?s={search_term_string}\"},\"query-input\":\"required name=search_term_string\"}],\"inLanguage\":\"fr-FR\"},{\"@type\":\"Organization\",\"@id\":\"https:\/\/biennale.aeeps.org\/#organization\",\"name\":\"BIENNALE AEEPS\",\"url\":\"https:\/\/biennale.aeeps.org\/\",\"logo\":{\"@type\":\"ImageObject\",\"inLanguage\":\"fr-FR\",\"@id\":\"https:\/\/biennale.aeeps.org\/#\/schema\/logo\/image\/\",\"url\":\"https:\/\/biennale.aeeps.org\/wp-content\/uploads\/2023\/08\/logo-aeeps-biennale-2023.png\",\"contentUrl\":\"https:\/\/biennale.aeeps.org\/wp-content\/uploads\/2023\/08\/logo-aeeps-biennale-2023.png\",\"width\":1015,\"height\":289,\"caption\":\"BIENNALE AEEPS\"},\"image\":{\"@id\":\"https:\/\/biennale.aeeps.org\/#\/schema\/logo\/image\/\"},\"sameAs\":[\"https:\/\/www.facebook.com\/profile.php?id=100064564634996\",\"https:\/\/twitter.com\/AEEPS\"]}]}<\/script>\n<!-- \/ Yoast SEO plugin. -->","yoast_head_json":{"title":"DIMANCHE 22 OCTOBRE 2023 - BIENNALE AEEPS","robots":{"index":"index","follow":"follow","max-snippet":"max-snippet:-1","max-image-preview":"max-image-preview:large","max-video-preview":"max-video-preview:-1"},"canonical":"https:\/\/biennale.aeeps.org\/index.php\/dimanche-22-octobre-2023\/","og_locale":"fr_FR","og_type":"article","og_title":"DIMANCHE 22 OCTOBRE 2023 - BIENNALE AEEPS","og_description":"[vc_row][vc_column][vc_column_text] Session de communications n\u00b02 Bis \u2013 9h15 \u2013 9h55 Axe 1 Axe 2 Axe 3 Axe 4 Axe 3 Axe 3 Axe 2 Madelain-...","og_url":"https:\/\/biennale.aeeps.org\/index.php\/dimanche-22-octobre-2023\/","og_site_name":"BIENNALE AEEPS","article_publisher":"https:\/\/www.facebook.com\/profile.php?id=100064564634996","article_modified_time":"2023-10-17T16:23:13+00:00","twitter_card":"summary_large_image","twitter_site":"@AEEPS","twitter_misc":{"Dur\u00e9e de lecture estim\u00e9e":"5 minutes"},"schema":{"@context":"https:\/\/schema.org","@graph":[{"@type":"WebPage","@id":"https:\/\/biennale.aeeps.org\/index.php\/dimanche-22-octobre-2023\/","url":"https:\/\/biennale.aeeps.org\/index.php\/dimanche-22-octobre-2023\/","name":"DIMANCHE 22 OCTOBRE 2023 - BIENNALE AEEPS","isPartOf":{"@id":"https:\/\/biennale.aeeps.org\/#website"},"datePublished":"2023-10-13T15:31:53+00:00","dateModified":"2023-10-17T16:23:13+00:00","breadcrumb":{"@id":"https:\/\/biennale.aeeps.org\/index.php\/dimanche-22-octobre-2023\/#breadcrumb"},"inLanguage":"fr-FR","potentialAction":[{"@type":"ReadAction","target":["https:\/\/biennale.aeeps.org\/index.php\/dimanche-22-octobre-2023\/"]}]},{"@type":"BreadcrumbList","@id":"https:\/\/biennale.aeeps.org\/index.php\/dimanche-22-octobre-2023\/#breadcrumb","itemListElement":[{"@type":"ListItem","position":1,"name":"Accueil","item":"https:\/\/biennale.aeeps.org\/"},{"@type":"ListItem","position":2,"name":"DIMANCHE 22 OCTOBRE 2023"}]},{"@type":"WebSite","@id":"https:\/\/biennale.aeeps.org\/#website","url":"https:\/\/biennale.aeeps.org\/","name":"BIENNALE AEEPS","description":"2023","publisher":{"@id":"https:\/\/biennale.aeeps.org\/#organization"},"potentialAction":[{"@type":"SearchAction","target":{"@type":"EntryPoint","urlTemplate":"https:\/\/biennale.aeeps.org\/?s={search_term_string}"},"query-input":"required name=search_term_string"}],"inLanguage":"fr-FR"},{"@type":"Organization","@id":"https:\/\/biennale.aeeps.org\/#organization","name":"BIENNALE AEEPS","url":"https:\/\/biennale.aeeps.org\/","logo":{"@type":"ImageObject","inLanguage":"fr-FR","@id":"https:\/\/biennale.aeeps.org\/#\/schema\/logo\/image\/","url":"https:\/\/biennale.aeeps.org\/wp-content\/uploads\/2023\/08\/logo-aeeps-biennale-2023.png","contentUrl":"https:\/\/biennale.aeeps.org\/wp-content\/uploads\/2023\/08\/logo-aeeps-biennale-2023.png","width":1015,"height":289,"caption":"BIENNALE AEEPS"},"image":{"@id":"https:\/\/biennale.aeeps.org\/#\/schema\/logo\/image\/"},"sameAs":["https:\/\/www.facebook.com\/profile.php?id=100064564634996","https:\/\/twitter.com\/AEEPS"]}]}},"_links":{"self":[{"href":"https:\/\/biennale.aeeps.org\/index.php\/wp-json\/wp\/v2\/pages\/952","targetHints":{"allow":["GET"]}}],"collection":[{"href":"https:\/\/biennale.aeeps.org\/index.php\/wp-json\/wp\/v2\/pages"}],"about":[{"href":"https:\/\/biennale.aeeps.org\/index.php\/wp-json\/wp\/v2\/types\/page"}],"author":[{"embeddable":true,"href":"https:\/\/biennale.aeeps.org\/index.php\/wp-json\/wp\/v2\/users\/1"}],"replies":[{"embeddable":true,"href":"https:\/\/biennale.aeeps.org\/index.php\/wp-json\/wp\/v2\/comments?post=952"}],"version-history":[{"count":2,"href":"https:\/\/biennale.aeeps.org\/index.php\/wp-json\/wp\/v2\/pages\/952\/revisions"}],"predecessor-version":[{"id":1075,"href":"https:\/\/biennale.aeeps.org\/index.php\/wp-json\/wp\/v2\/pages\/952\/revisions\/1075"}],"wp:attachment":[{"href":"https:\/\/biennale.aeeps.org\/index.php\/wp-json\/wp\/v2\/media?parent=952"}],"curies":[{"name":"wp","href":"https:\/\/api.w.org\/{rel}","templated":true}]}}