{"id":949,"date":"2023-10-13T15:29:59","date_gmt":"2023-10-13T15:29:59","guid":{"rendered":"https:\/\/biennale.aeeps.org\/?page_id=949"},"modified":"2023-10-13T15:30:00","modified_gmt":"2023-10-13T15:30:00","slug":"samedi-21-octobre-2023","status":"publish","type":"page","link":"https:\/\/biennale.aeeps.org\/index.php\/samedi-21-octobre-2023\/","title":{"rendered":"SAMEDI 21 OCTOBRE 2023"},"content":{"rendered":"\n<p><strong>Session de communications n\u00b01 \u2013 10h40 \u2013 11h20<\/strong><\/p>\n\n\n\n<figure class=\"wp-block-table\"><table><tbody><tr><td>Axe 1<\/td><td>Axe 2<\/td><td>Axe 3<\/td><td>Axe 4<\/td><td>Axe 3<\/td><td>Axe 3<\/td><td>Axe 1<\/td><\/tr><tr><td>Magnain- Magnain<\/td><td>Dieu<\/td><td>Mottet<\/td><td>PaintendreVors<\/td><td>Lavie- Guinot<\/td><td>Devezeaux- Le Corre<\/td><td>Lecroisey et coll<\/td><\/tr><tr><td>Le \u00ab grand bleu \u00bb &#8211; Une FPS du cycle 3. Le corps apn\u00e9iste qui g\u00e8re ses \u00e9motions dans l\u2019espace vertical.<\/td><td>Formats de jeu et exp\u00e9rience(s) v\u00e9cue(s) en EPS : comment mettre en consonance les formats de jeu en Badminton avec les mobiles d\u2019action des \u00e9l\u00e8ves ?<\/td><td>Vivre des exp\u00e9riences corporelles en CO en EPS : relier l\u2019intime au culturel.<\/td><td>Une complexe \u00e9valuation de son corps : comment des approches mixtes permettent d\u2019enrichir l\u2019exp\u00e9rience corporelle de l\u2019\u00e9l\u00e8ve ?<\/td><td>L\u2019optimisation et la transformation des conduites motrices au service d\u2019une exp\u00e9rience corporelle positive en EPS.<\/td><td>Du 2 contre 2 au 4 contre 4 en volley-ball : quel continuum d\u2019exp\u00e9riences corporelles ?<\/td><td>Musique et EPS : Des propositions pour majorer l\u2019exp\u00e9rience corporelle des \u00e9l\u00e8ves en EPS.<\/td><\/tr><tr><td>Voir r\u00e9sum\u00e9 n\u00b04 page 19<\/td><td>Voir r\u00e9sum\u00e9 n\u00b011 page 27<\/td><td>Voir r\u00e9sum\u00e9 n\u00b017 page 34<\/td><td>Voir r\u00e9sum\u00e9 n\u00b032 page 51<\/td><td>Voir r\u00e9sum\u00e9 n\u00b028 page 45<\/td><td>Voir r\u00e9sum\u00e9 n\u00b019 page 36<\/td><td>Voir r\u00e9sum\u00e9 n\u00b02 page 17<\/td><\/tr><tr><td>Salle HEBERT<\/td><td>Salle KNAPP<\/td><td>Salle AMOROS<\/td><td>Salle BACQUET<\/td><td>Salle COUBERTIN<\/td><td>Salle DEMENY<\/td><td>Salle ELIAS<\/td><\/tr><\/tbody><\/table><\/figure>\n\n\n\n<p><img loading=\"lazy\" decoding=\"async\" width=\"15\" height=\"8\" src=\"\">&nbsp;Cette session de communications se d\u00e9roulera \u00e9galement samedi 21 octobre 2023 de 17h10 \u00e0 18h00.<\/p>\n\n\n\n<p><strong>Session de communications n\u00b02 \u2013 11h25 \u2013 12h05<\/strong><\/p>\n\n\n\n<figure class=\"wp-block-table\"><table><tbody><tr><td>Axe 1<\/td><td>Axe 2<\/td><td>Axe 3<\/td><td>Axe 4<\/td><td>Axe 3<\/td><td>Axe 3<\/td><td>Axe 2<\/td><\/tr><tr><td>Madelain- Dehanschoew ercker- Verdier<\/td><td>Stadler- Forgues<\/td><td>BeulaignePrehaut<\/td><td>Foessel<\/td><td>Desfachelles<\/td><td>Metzler<\/td><td>Visioli-&nbsp; Quidu<\/td><\/tr><tr><td>Les PME Aquatiques, des techniques oubli\u00e9es pour se sauver avant de porter assistance.<\/td><td>Demi-Fond \u00ab BATTLE ROYALE \u00bb Audel\u00e0 de la VMA et du chrono solo.<\/td><td>LE TRAJET : une trace \u00e0 suivre pour exp\u00e9rimenter le \u00ab corps sensible \u00bb.<\/td><td>La course aux tickets : une forme de pratique scolaire vectrice d\u2019une exp\u00e9rience corporelle signifiante et coop\u00e9r@ctive en tennis de table.<\/td><td>\u00ab In the zone ! \u00bb : un continuum d\u2019exp\u00e9riences corporelles au service d\u2019un enrichissement des conduites motrices en basket-ball.<\/td><td>D\u00e9finir le fonds culturel et les objets d\u2019enseignement pour ne pas \u00ab bloquer \u00bb la possibilit\u00e9 pour l\u2019\u00e9l\u00e8ve de vivre une exp\u00e9rience corporelle singuli\u00e8re, de progresser et d\u2019acqu\u00e9rir une culture.<\/td><td>Vers des exp\u00e9riences de r\u00e9sonance : l\u2019exemple des \u00e9l\u00e8ves de REP en handball.<\/td><\/tr><tr><td>Voir r\u00e9sum\u00e9 n\u00b08 page 23<\/td><td>Voir r\u00e9sum\u00e9 n\u00b012 page 28<\/td><td>Voir r\u00e9sum\u00e9 n\u00b018 page 35<\/td><td>Voir r\u00e9sum\u00e9 n\u00b033 page 52<\/td><td>Voir r\u00e9sum\u00e9 n\u00b025 page 42<\/td><td>Voir r\u00e9sum\u00e9 n\u00b022 page 39<\/td><td>Voir r\u00e9sum\u00e9 n\u00b013 page 29<\/td><\/tr><tr><td>Salle HEBERT<\/td><td>Salle KNAPP<\/td><td>Salle AMOROS<\/td><td>Salle BACQUET<\/td><td>Salle COUBERTIN<\/td><td>Salle&nbsp; DEMENY<\/td><td>Salle ELIAS<\/td><\/tr><\/tbody><\/table><\/figure>\n\n\n\n<p><img loading=\"lazy\" decoding=\"async\" width=\"15\" height=\"9\" src=\"\">&nbsp;Cette session de communications se d\u00e9roulera \u00e9galement dimanche 22 octobre 2023 de 9h15 \u00e0 9h55.<\/p>\n\n\n\n<p><strong>Atelier de pratique n\u00b01 \u2013 10h40 \u2013 12h05<\/strong><\/p>\n\n\n\n<figure class=\"wp-block-table\"><table><tbody><tr><td>APSA Danse<\/td><td>APSA Escalade<\/td><\/tr><tr><td>Lejeune- Vasquez<\/td><td>Delarche<\/td><\/tr><tr><td>Danse-contact(s)&#8230; construire son exp\u00e9rience corporelle par les autres.<\/td><td>Des espaces d\u2019actions encourag\u00e9es en escalade de bloc.<\/td><\/tr><tr><td>Voir r\u00e9sum\u00e9 Atelier n\u00b01 page 58<\/td><td>Voir r\u00e9sum\u00e9 Atelier n\u00b02 page 59<\/td><\/tr><tr><td>Salle DOJO C7<\/td><td>Salle B9<\/td><\/tr><\/tbody><\/table><\/figure>\n\n\n\n<h4 class=\"wp-block-heading\">Session de communications n\u00b03 \u2013 14h30 \u2013 15h10<\/h4>\n\n\n\n<figure class=\"wp-block-table\"><table><tbody><tr><td>Axe 3<\/td><td>Axe 1<\/td><td>Axe 2<\/td><td>Axe 3<\/td><td>Axe 4<\/td><td>Axe 3<\/td><td>Axe 3<\/td><td>Axe 2<\/td><\/tr><tr><td>Terre- Ade<\/td><td>Albertini- Potdevin<\/td><td>Testud<\/td><td>De Visscher- Strosberg<\/td><td>Bernard- Mars-Peyre<\/td><td>Auger- Pellegrin<\/td><td>DesplanquesLe Roy<\/td><td>Feigean<\/td><\/tr><tr><td>Penser les contenus en termes d\u2019exp\u00e9riences \u00e0 encourager.<\/td><td>Savoir nager au-del\u00e0 de l\u2019ASNS, Une exp\u00e9rience corporelle porteuse d\u2019enjeux \u00e9ducatifs forts.<\/td><td>Des indicateurs de comp\u00e9tence pour tisser des liens entre les exp\u00e9riences des \u00e9l\u00e8ves. Le joueur et l\u2019observateur en DEMIFOND.<\/td><td>Judo de mouvement, ippon total : faire l\u2019exp\u00e9rience d\u2019un \u00ab combat \u00e0 sensations \u00bb.<\/td><td>L\u2019\u00e9valuation par indicateur de comp\u00e9tence au service de l\u2019apprentissage : une d\u00e9marche pour apprendre \u00e0 reconna\u00eetre, int\u00e9grer et exploiter des exp\u00e9riences corporelles authentiques. Illustration en Badminton.<\/td><td>Les exp\u00e9riences corporelles en volley-ball : compl\u00e9mentari t\u00e9 ou contradiction avec les autres sports collectifs ?<\/td><td>Les \u00ab matchsrace \u00bb : entre exp\u00e9riences corporelles vari\u00e9es et progr\u00e8s moteurs cibl\u00e9s en combin\u00e9 athl\u00e9tique.<\/td><td>Vivre des exp\u00e9riences d\u2019inconforts pour d\u00e9couvrir certaines dimensions de son activit\u00e9 corporelle : un enjeu du CA 5, illustration en STEP.<\/td><\/tr><tr><td>Voir r\u00e9sum\u00e9 n\u00b023 page 40<\/td><td>Voir r\u00e9sum\u00e9 n\u00b06 page 21<\/td><td>Voir r\u00e9sum\u00e9 n\u00b014 page 30<\/td><td>Voir r\u00e9sum\u00e9 n\u00b024 page 41<\/td><td>Voir r\u00e9sum\u00e9 n\u00b036 page 55<\/td><td>Voir r\u00e9sum\u00e9 n\u00b031 page 48<\/td><td>Voir r\u00e9sum\u00e9 n\u00b026 page 43<\/td><td>Voir r\u00e9sum\u00e9 n\u00b015 page 31<\/td><\/tr><tr><td>Salle PAGANEL<\/td><td>Salle HEBERT<\/td><td>Salle KNAPP<\/td><td>Salle AMOROS<\/td><td>Salle&nbsp; BACQUET<\/td><td>Salle COUBERTIN<\/td><td>Salle DEMENY<\/td><td>Salle ELIAS<\/td><\/tr><\/tbody><\/table><\/figure>\n\n\n\n<p><img loading=\"lazy\" decoding=\"async\" width=\"15\" height=\"9\" src=\"\">&nbsp;Cette session de communications se d\u00e9roulera \u00e9galement dimanche 22 octobre 2023 de 10h00 \u00e0 10h40.<\/p>\n\n\n\n<h4 class=\"wp-block-heading\">Session de communications n\u00b04 \u2013 15h15 \u2013 15h55<\/h4>\n\n\n\n<figure class=\"wp-block-table\"><table><tbody><tr><td>Axe 1<\/td><td>Axe 2<\/td><td>Axe 3<\/td><td>Axe 4<\/td><td>Axe 3<\/td><td>Axe 3<\/td><td>Axe 1<\/td><\/tr><tr><td>Van De Kherkhove- Racinais<\/td><td>Cizeron- Gani\u00e8re<\/td><td>Lefevre-&nbsp; Piot<\/td><td>Pich- Boizumault<\/td><td>HanulaMayekoDauphas<\/td><td>Fayaubost<\/td><td>Kuehn- Depondt<\/td><\/tr><tr><td>Pour une exp\u00e9rience totale en musculation : entre introspection et coop\u00e9ration.<\/td><td>Interpr\u00e9ter les conduites motrices comme des \u00ab formes \u00bb.<\/td><td>\u00ab Retour \u00e0 l\u2019envoyeur \u00bb : l\u2019ancrage corporel d\u2019une FPS autour d\u2019un savoir perceptivo- d\u00e9cisionnel en sports de raquette.<\/td><td>Utiliser des donn\u00e9es exp\u00e9rientielles issues des \u00e9l\u00e8ves pour comprendre, accompagner et transformer leur activit\u00e9 en EPS : des outils au service des \u00e9l\u00e8ves et de leurs enseignants.<\/td><td>Aller plus loin pour performer : une exp\u00e9rience corporelle authentique en combin\u00e9 athl\u00e9tique.<\/td><td>Savoir nager. Apprendre des exp\u00e9riences corporelles n\u00e9gatives, \u00e9l\u00e9ments d\u2019analyse et pistes de transformation : l\u2019exp\u00e9rimentation PHOBIES 360.<\/td><td>Les enjeux de l\u2019\u00e9cole primaire dans les exp\u00e9riences corporelles. A la crois\u00e9e du terrain, de la pratique associative et de la formation.<\/td><\/tr><tr><td>Voir r\u00e9sum\u00e9 n\u00b01 page 16<\/td><td>Voir r\u00e9sum\u00e9 n\u00b016 page 32<\/td><td>Voir r\u00e9sum\u00e9 n\u00b020 page 37<\/td><td>Voir r\u00e9sum\u00e9 n\u00b034 page 53<\/td><td>Voir r\u00e9sum\u00e9 n\u00b021 page 38<\/td><td>Voir r\u00e9sum\u00e9 n\u00b029 page 46<\/td><td>Voir r\u00e9sum\u00e9 n\u00b010 page 25<\/td><\/tr><tr><td>Salle HEBERT<\/td><td>Salle KNAPP<\/td><td>Salle AMOROS<\/td><td>Salle&nbsp; BACQUET<\/td><td>Salle COUBERTIN<\/td><td>Salle&nbsp; DEMENY<\/td><td>Salle ELIAS<\/td><\/tr><\/tbody><\/table><\/figure>\n\n\n\n<p><img loading=\"lazy\" decoding=\"async\" width=\"15\" height=\"8\" src=\"\">&nbsp;Cette session de communications se d\u00e9roulera \u00e9galement dimanche 22 octobre 2023 de 11h05 \u00e0 11h45.<\/p>\n\n\n\n<p><strong>Atelier de pratique n\u00b02 \u2013 14h30 \u2013 15h55<\/strong><\/p>\n\n\n\n<figure class=\"wp-block-table\"><table><tbody><tr><td>APSA Tennis de Table<\/td><td>APSA Step<\/td><\/tr><tr><td>Donce<\/td><td>Piau<\/td><\/tr><tr><td>A TABLE !!! Parcours de formation et exp\u00e9rience corporelle en Tennis de Table ; proposition du groupe TT du CEDREPS.<\/td><td>Le \u00ab jeu des ressentis \u00bb en Step : pour un curriculum de modes de pratiques qui se pr\u00e9occupe de l\u2019exp\u00e9rience corporelle des \u00e9l\u00e8ves.<\/td><\/tr><tr><td>Voir r\u00e9sum\u00e9 Atelier n\u00b03 page 60<\/td><td>Voir r\u00e9sum\u00e9 Atelier n\u00b04 page 61<\/td><\/tr><tr><td>Salle TT C7<\/td><td>Salle Bleue C7<\/td><\/tr><\/tbody><\/table><\/figure>\n\n\n\n<p><strong>Session de communications n\u00b05 \u2013 16h25 \u2013 17h05<\/strong><\/p>\n\n\n\n<figure class=\"wp-block-table\"><table><tbody><tr><td>Axe 1<\/td><td>Axe 1<\/td><td>Axe 1<\/td><td>Axe 4<\/td><td>Axe 1<\/td><td>Axe 3<\/td><td>Axe 3<\/td><\/tr><tr><td>Delattre- Morizur<\/td><td>Belhouchat et coll<\/td><td>Gaudoux<\/td><td>Ferrier- Madelain<\/td><td>Lacoste<\/td><td>Papot- Rauche<\/td><td>Simon Malleret- Peres<\/td><\/tr><tr><td>Constituer des exp\u00e9riences corporelles pour se former au m\u00e9tier de professeur d\u2019EPS. Une d\u00e9marche d\u2019\u00e9pist\u00e9mologie pratique dans les formations initiales des \u00e9tudiant(e)s en MASTER MEEF EPS.<\/td><td>Majorer les exp\u00e9riences corporelles pour laisser des traces d\u2019EPS positives.<\/td><td>Le 421 : une forme de pratique pour une exp\u00e9rience motrice coop\u00e9rative construite et partag\u00e9e en CA4.<\/td><td>L\u2019\u00e9valuation de la mobilit\u00e9 articulaire de l\u2019\u00e9l\u00e8ve en EPS comme condition d\u2019acc\u00e8s \u00e0 de nouvelles exp\u00e9riences corporelles en musculation fonctionnelle.<\/td><td>Provoquer une \u00e9motion, des indicateurs de comp\u00e9tence pour interpr\u00e9ter et transformer l\u2019activit\u00e9 de l\u2019\u00e9l\u00e8ve en danse.<\/td><td>Probl\u00e9matiser la mont\u00e9e de balle avec des \u00e9l\u00e8ves de LP. Une exp\u00e9rience corporelle collective en handball.<\/td><td>La peur dans l\u2019enseignement de l\u2019escalade : Probl\u00e8me p\u00e9dagogique ou exp\u00e9rience \u00e0 faire vivre ?<\/td><\/tr><tr><td>Voir r\u00e9sum\u00e9 n\u00b03 page 18<\/td><td>Voir r\u00e9sum\u00e9 n\u00b09 page 24<\/td><td>Voir r\u00e9sum\u00e9 n\u00b07 page 22<\/td><td>Voir r\u00e9sum\u00e9 n\u00b035 page 54<\/td><td>Voir r\u00e9sum\u00e9 n\u00b05 page 20<\/td><td>Voir r\u00e9sum\u00e9 n\u00b030 page 47<\/td><td>Voir r\u00e9sum\u00e9 n\u00b027 page 44<\/td><\/tr><tr><td>Salle HEBERT<\/td><td>Salle KNAPP<\/td><td>Salle AMOROS<\/td><td>Salle BACQUET<\/td><td>Salle COUBERTIN<\/td><td>Salle DEMENY<\/td><td>Salle ELIAS<\/td><\/tr><\/tbody><\/table><\/figure>\n\n\n\n<p><img loading=\"lazy\" decoding=\"async\" width=\"15\" height=\"8\" src=\"\">&nbsp;Cette session de communications se d\u00e9roulera \u00e9galement dimanche 22 octobre 2023 de 11h50 \u00e0 12h30.<\/p>\n\n\n\n<p><strong>Session de communications n\u00b01 Bis \u2013 17h10 \u2013 18h00<\/strong><\/p>\n\n\n\n<figure class=\"wp-block-table\"><table><tbody><tr><td>Axe 1<\/td><td>Axe 2<\/td><td>Axe 3<\/td><td>Axe 4<\/td><td>Axe 3<\/td><td>Axe 3<\/td><td>Axe 1<\/td><\/tr><tr><td>Magnain- Magnain<\/td><td>Dieu<\/td><td>Mottet<\/td><td>PaintendreVors<\/td><td>Lavie- Guinot<\/td><td>Devezeaux- Le Corre<\/td><td>Lecroisey et coll<\/td><\/tr><tr><td>Le \u00ab grand bleu \u00bb &#8211; Une FPS du cycle 3. Le corps apn\u00e9iste qui g\u00e8re ses \u00e9motions dans l\u2019espace vertical.<\/td><td>Formats de jeu et exp\u00e9rience(s) v\u00e9cue(s) en EPS : comment mettre en consonance les formats de jeu en Badminton avec les mobiles d\u2019action des \u00e9l\u00e8ves ?<\/td><td>Vivre des exp\u00e9riences corporelles en CO en EPS : relier l\u2019intime au culturel.<\/td><td>Une complexe \u00e9valuation de son corps : comment des approches mixtes permettent d\u2019enrichir l\u2019exp\u00e9rience corporelle de l\u2019\u00e9l\u00e8ve ?<\/td><td>L\u2019optimisation et la transformation des conduites motrices au service d\u2019une exp\u00e9rience corporelle positive en EPS.<\/td><td>Du 2 contre 2 au 4 contre 4 en volley-ball : quel continuum d\u2019exp\u00e9riences corporelles ?<\/td><td>Musique et EPS : Des propositions pour majorer l\u2019exp\u00e9rience corporelle des \u00e9l\u00e8ves en EPS.<\/td><\/tr><tr><td>Voir r\u00e9sum\u00e9 n\u00b04 page 19<\/td><td>Voir r\u00e9sum\u00e9 n\u00b011 page 27<\/td><td>Voir r\u00e9sum\u00e9 n\u00b017 page 34<\/td><td>Voir r\u00e9sum\u00e9 n\u00b032 page 51<\/td><td>Voir r\u00e9sum\u00e9 n\u00b028 page 45<\/td><td>Voir r\u00e9sum\u00e9 n\u00b019 page 36<\/td><td>Voir r\u00e9sum\u00e9 n\u00b02 page 17<\/td><\/tr><tr><td>Salle HEBERT<\/td><td>Salle KNAPP<\/td><td>Salle AMOROS<\/td><td>Salle BACQUET<\/td><td>Salle COUBERTIN<\/td><td>Salle DEMENY<\/td><td>Salle ELIAS<\/td><\/tr><\/tbody><\/table><\/figure>\n\n\n\n<p><strong>Atelier de pratique n\u00b03 \u2013 16h25 \u2013 18h00<\/strong><\/p>\n\n\n\n<figure class=\"wp-block-table\"><table><tbody><tr><td>APSA Danse<\/td><td>APSA Yoga<\/td><\/tr><tr><td>Lejeune- Vasquez<\/td><td>Raymond<\/td><\/tr><tr><td>Danse-contact(s)&#8230; construire son exp\u00e9rience corporelle par les autres.<\/td><td>YOGA : Quelle exp\u00e9rience corporelle et culturelle de yoga proposer aux \u00e9l\u00e8ves de lyc\u00e9e ?<\/td><\/tr><tr><td>Voir r\u00e9sum\u00e9 Atelier n\u00b01 page 58<\/td><td>Voir r\u00e9sum\u00e9 Atelier n\u00b05 page 62<\/td><\/tr><tr><td>Salle DOJO C7<\/td><td>Salle Gym C7<\/td><\/tr><\/tbody><\/table><\/figure>\n","protected":false},"excerpt":{"rendered":"<p>Session de communications n\u00b01 \u2013 10h40 \u2013 11h20 Axe 1 Axe 2 Axe 3 Axe 4 Axe 3 Axe 3 Axe 1 Magnain- Magnain Dieu&#8230;<\/p>\n","protected":false},"author":1,"featured_media":0,"parent":0,"menu_order":0,"comment_status":"closed","ping_status":"closed","template":"","meta":{"footnotes":""},"class_list":["post-949","page","type-page","status-publish","hentry"],"yoast_head":"<!-- This site is optimized with the Yoast SEO plugin v21.3 - https:\/\/yoast.com\/wordpress\/plugins\/seo\/ -->\n<title>SAMEDI 21 OCTOBRE 2023 - BIENNALE AEEPS<\/title>\n<meta name=\"robots\" content=\"index, follow, max-snippet:-1, max-image-preview:large, max-video-preview:-1\" \/>\n<link rel=\"canonical\" href=\"https:\/\/biennale.aeeps.org\/index.php\/samedi-21-octobre-2023\/\" \/>\n<meta property=\"og:locale\" content=\"fr_FR\" \/>\n<meta property=\"og:type\" content=\"article\" \/>\n<meta property=\"og:title\" content=\"SAMEDI 21 OCTOBRE 2023 - BIENNALE AEEPS\" \/>\n<meta property=\"og:description\" content=\"Session de communications n\u00b01 \u2013 10h40 \u2013 11h20 Axe 1 Axe 2 Axe 3 Axe 4 Axe 3 Axe 3 Axe 1 Magnain- Magnain Dieu...\" \/>\n<meta property=\"og:url\" content=\"https:\/\/biennale.aeeps.org\/index.php\/samedi-21-octobre-2023\/\" \/>\n<meta property=\"og:site_name\" content=\"BIENNALE AEEPS\" \/>\n<meta property=\"article:publisher\" content=\"https:\/\/www.facebook.com\/profile.php?id=100064564634996\" \/>\n<meta property=\"article:modified_time\" content=\"2023-10-13T15:30:00+00:00\" \/>\n<meta name=\"twitter:card\" content=\"summary_large_image\" \/>\n<meta name=\"twitter:site\" content=\"@AEEPS\" \/>\n<meta name=\"twitter:label1\" content=\"Dur\u00e9e de lecture estim\u00e9e\" \/>\n\t<meta name=\"twitter:data1\" content=\"9 minutes\" \/>\n<script type=\"application\/ld+json\" class=\"yoast-schema-graph\">{\"@context\":\"https:\/\/schema.org\",\"@graph\":[{\"@type\":\"WebPage\",\"@id\":\"https:\/\/biennale.aeeps.org\/index.php\/samedi-21-octobre-2023\/\",\"url\":\"https:\/\/biennale.aeeps.org\/index.php\/samedi-21-octobre-2023\/\",\"name\":\"SAMEDI 21 OCTOBRE 2023 - BIENNALE AEEPS\",\"isPartOf\":{\"@id\":\"https:\/\/biennale.aeeps.org\/#website\"},\"datePublished\":\"2023-10-13T15:29:59+00:00\",\"dateModified\":\"2023-10-13T15:30:00+00:00\",\"breadcrumb\":{\"@id\":\"https:\/\/biennale.aeeps.org\/index.php\/samedi-21-octobre-2023\/#breadcrumb\"},\"inLanguage\":\"fr-FR\",\"potentialAction\":[{\"@type\":\"ReadAction\",\"target\":[\"https:\/\/biennale.aeeps.org\/index.php\/samedi-21-octobre-2023\/\"]}]},{\"@type\":\"BreadcrumbList\",\"@id\":\"https:\/\/biennale.aeeps.org\/index.php\/samedi-21-octobre-2023\/#breadcrumb\",\"itemListElement\":[{\"@type\":\"ListItem\",\"position\":1,\"name\":\"Accueil\",\"item\":\"https:\/\/biennale.aeeps.org\/\"},{\"@type\":\"ListItem\",\"position\":2,\"name\":\"SAMEDI 21 OCTOBRE 2023\"}]},{\"@type\":\"WebSite\",\"@id\":\"https:\/\/biennale.aeeps.org\/#website\",\"url\":\"https:\/\/biennale.aeeps.org\/\",\"name\":\"BIENNALE AEEPS\",\"description\":\"2023\",\"publisher\":{\"@id\":\"https:\/\/biennale.aeeps.org\/#organization\"},\"potentialAction\":[{\"@type\":\"SearchAction\",\"target\":{\"@type\":\"EntryPoint\",\"urlTemplate\":\"https:\/\/biennale.aeeps.org\/?s={search_term_string}\"},\"query-input\":\"required name=search_term_string\"}],\"inLanguage\":\"fr-FR\"},{\"@type\":\"Organization\",\"@id\":\"https:\/\/biennale.aeeps.org\/#organization\",\"name\":\"BIENNALE AEEPS\",\"url\":\"https:\/\/biennale.aeeps.org\/\",\"logo\":{\"@type\":\"ImageObject\",\"inLanguage\":\"fr-FR\",\"@id\":\"https:\/\/biennale.aeeps.org\/#\/schema\/logo\/image\/\",\"url\":\"https:\/\/biennale.aeeps.org\/wp-content\/uploads\/2023\/08\/logo-aeeps-biennale-2023.png\",\"contentUrl\":\"https:\/\/biennale.aeeps.org\/wp-content\/uploads\/2023\/08\/logo-aeeps-biennale-2023.png\",\"width\":1015,\"height\":289,\"caption\":\"BIENNALE AEEPS\"},\"image\":{\"@id\":\"https:\/\/biennale.aeeps.org\/#\/schema\/logo\/image\/\"},\"sameAs\":[\"https:\/\/www.facebook.com\/profile.php?id=100064564634996\",\"https:\/\/twitter.com\/AEEPS\"]}]}<\/script>\n<!-- \/ Yoast SEO plugin. -->","yoast_head_json":{"title":"SAMEDI 21 OCTOBRE 2023 - BIENNALE AEEPS","robots":{"index":"index","follow":"follow","max-snippet":"max-snippet:-1","max-image-preview":"max-image-preview:large","max-video-preview":"max-video-preview:-1"},"canonical":"https:\/\/biennale.aeeps.org\/index.php\/samedi-21-octobre-2023\/","og_locale":"fr_FR","og_type":"article","og_title":"SAMEDI 21 OCTOBRE 2023 - BIENNALE AEEPS","og_description":"Session de communications n\u00b01 \u2013 10h40 \u2013 11h20 Axe 1 Axe 2 Axe 3 Axe 4 Axe 3 Axe 3 Axe 1 Magnain- Magnain Dieu...","og_url":"https:\/\/biennale.aeeps.org\/index.php\/samedi-21-octobre-2023\/","og_site_name":"BIENNALE AEEPS","article_publisher":"https:\/\/www.facebook.com\/profile.php?id=100064564634996","article_modified_time":"2023-10-13T15:30:00+00:00","twitter_card":"summary_large_image","twitter_site":"@AEEPS","twitter_misc":{"Dur\u00e9e de lecture estim\u00e9e":"9 minutes"},"schema":{"@context":"https:\/\/schema.org","@graph":[{"@type":"WebPage","@id":"https:\/\/biennale.aeeps.org\/index.php\/samedi-21-octobre-2023\/","url":"https:\/\/biennale.aeeps.org\/index.php\/samedi-21-octobre-2023\/","name":"SAMEDI 21 OCTOBRE 2023 - BIENNALE AEEPS","isPartOf":{"@id":"https:\/\/biennale.aeeps.org\/#website"},"datePublished":"2023-10-13T15:29:59+00:00","dateModified":"2023-10-13T15:30:00+00:00","breadcrumb":{"@id":"https:\/\/biennale.aeeps.org\/index.php\/samedi-21-octobre-2023\/#breadcrumb"},"inLanguage":"fr-FR","potentialAction":[{"@type":"ReadAction","target":["https:\/\/biennale.aeeps.org\/index.php\/samedi-21-octobre-2023\/"]}]},{"@type":"BreadcrumbList","@id":"https:\/\/biennale.aeeps.org\/index.php\/samedi-21-octobre-2023\/#breadcrumb","itemListElement":[{"@type":"ListItem","position":1,"name":"Accueil","item":"https:\/\/biennale.aeeps.org\/"},{"@type":"ListItem","position":2,"name":"SAMEDI 21 OCTOBRE 2023"}]},{"@type":"WebSite","@id":"https:\/\/biennale.aeeps.org\/#website","url":"https:\/\/biennale.aeeps.org\/","name":"BIENNALE AEEPS","description":"2023","publisher":{"@id":"https:\/\/biennale.aeeps.org\/#organization"},"potentialAction":[{"@type":"SearchAction","target":{"@type":"EntryPoint","urlTemplate":"https:\/\/biennale.aeeps.org\/?s={search_term_string}"},"query-input":"required name=search_term_string"}],"inLanguage":"fr-FR"},{"@type":"Organization","@id":"https:\/\/biennale.aeeps.org\/#organization","name":"BIENNALE AEEPS","url":"https:\/\/biennale.aeeps.org\/","logo":{"@type":"ImageObject","inLanguage":"fr-FR","@id":"https:\/\/biennale.aeeps.org\/#\/schema\/logo\/image\/","url":"https:\/\/biennale.aeeps.org\/wp-content\/uploads\/2023\/08\/logo-aeeps-biennale-2023.png","contentUrl":"https:\/\/biennale.aeeps.org\/wp-content\/uploads\/2023\/08\/logo-aeeps-biennale-2023.png","width":1015,"height":289,"caption":"BIENNALE AEEPS"},"image":{"@id":"https:\/\/biennale.aeeps.org\/#\/schema\/logo\/image\/"},"sameAs":["https:\/\/www.facebook.com\/profile.php?id=100064564634996","https:\/\/twitter.com\/AEEPS"]}]}},"_links":{"self":[{"href":"https:\/\/biennale.aeeps.org\/index.php\/wp-json\/wp\/v2\/pages\/949","targetHints":{"allow":["GET"]}}],"collection":[{"href":"https:\/\/biennale.aeeps.org\/index.php\/wp-json\/wp\/v2\/pages"}],"about":[{"href":"https:\/\/biennale.aeeps.org\/index.php\/wp-json\/wp\/v2\/types\/page"}],"author":[{"embeddable":true,"href":"https:\/\/biennale.aeeps.org\/index.php\/wp-json\/wp\/v2\/users\/1"}],"replies":[{"embeddable":true,"href":"https:\/\/biennale.aeeps.org\/index.php\/wp-json\/wp\/v2\/comments?post=949"}],"version-history":[{"count":2,"href":"https:\/\/biennale.aeeps.org\/index.php\/wp-json\/wp\/v2\/pages\/949\/revisions"}],"predecessor-version":[{"id":951,"href":"https:\/\/biennale.aeeps.org\/index.php\/wp-json\/wp\/v2\/pages\/949\/revisions\/951"}],"wp:attachment":[{"href":"https:\/\/biennale.aeeps.org\/index.php\/wp-json\/wp\/v2\/media?parent=949"}],"curies":[{"name":"wp","href":"https:\/\/api.w.org\/{rel}","templated":true}]}}